{"id":19053,"date":"2026-04-20T13:39:24","date_gmt":"2026-04-20T13:39:24","guid":{"rendered":"https:\/\/mejo.de\/?post_type=karriere&#038;p=19053"},"modified":"2026-04-21T06:43:34","modified_gmt":"2026-04-21T06:43:34","slug":"erfahrener-kraftfahrer-m-w-d","status":"publish","type":"karriere","link":"https:\/\/mejo.de\/en\/karriere\/erfahrener-kraftfahrer-m-w-d\/","title":{"rendered":"Erfahrener Kraftfahrer (m\/w\/d)"},"content":{"rendered":"<div data-elementor-type=\"wp-post\" data-elementor-id=\"19053\" class=\"elementor elementor-19053\" data-elementor-post-type=\"karriere\">\n\t\t\t\t\t\t<section class=\"elementor-section elementor-top-section elementor-element elementor-element-648d0087 breadcrumbs elementor-section-boxed elementor-section-height-default elementor-section-height-default\" data-id=\"648d0087\" data-element_type=\"section\" data-e-type=\"section\">\n\t\t\t\t\t\t<div class=\"elementor-container elementor-column-gap-default\">\n\t\t\t\t\t<div class=\"elementor-column elementor-col-100 elementor-top-column elementor-element elementor-element-785ff86b\" data-id=\"785ff86b\" data-element_type=\"column\" data-e-type=\"column\">\n\t\t\t<div class=\"elementor-widget-wrap elementor-element-populated\">\n\t\t\t\t\t\t<div class=\"elementor-element elementor-element-3a2c92cf elementor-widget elementor-widget-global elementor-global-1829 elementor-widget-breadcrumbs\" data-id=\"3a2c92cf\" data-element_type=\"widget\" data-e-type=\"widget\" data-widget_type=\"breadcrumbs.default\">\n\t\t\t\t<div class=\"elementor-widget-container\">\n\t\t\t\t\t<nav><span class=\"last\">Home<\/span><\/nav>\t\t\t\t<\/div>\n\t\t\t\t<\/div>\n\t\t\t\t\t<\/div>\n\t\t<\/div>\n\t\t\t\t\t<\/div>\n\t\t<\/section>\n\t\t\t\t<section class=\"elementor-section elementor-top-section elementor-element elementor-element-60ff6ae3 elementor-section-height-min-height elementor-section-items-top elementor-section-boxed elementor-section-height-default\" data-id=\"60ff6ae3\" data-element_type=\"section\" data-e-type=\"section\">\n\t\t\t\t\t\t<div class=\"elementor-container elementor-column-gap-default\">\n\t\t\t\t\t<div class=\"elementor-column elementor-col-50 elementor-top-column elementor-element elementor-element-4186447a\" data-id=\"4186447a\" data-element_type=\"column\" data-e-type=\"column\">\n\t\t\t<div class=\"elementor-widget-wrap elementor-element-populated\">\n\t\t\t\t\t\t<div class=\"elementor-element elementor-element-62cffed2 elementor-widget elementor-widget-theme-post-featured-image elementor-widget-image\" data-id=\"62cffed2\" data-element_type=\"widget\" data-e-type=\"widget\" data-widget_type=\"theme-post-featured-image.default\">\n\t\t\t\t<div class=\"elementor-widget-container\">\n\t\t\t\t\t\t\t\t\t\t\t\t\t\t\t<img fetchpriority=\"high\" decoding=\"async\" width=\"640\" height=\"360\" src=\"https:\/\/mejo.de\/wp-content\/uploads\/2025\/04\/mejo-stellenanzeige-lkw-karriere-1024x576.webp\" class=\"attachment-large size-large wp-image-14004\" alt=\"\" srcset=\"https:\/\/mejo.de\/wp-content\/uploads\/2025\/04\/mejo-stellenanzeige-lkw-karriere-1024x576.webp 1024w, https:\/\/mejo.de\/wp-content\/uploads\/2025\/04\/mejo-stellenanzeige-lkw-karriere-600x338.webp 600w, https:\/\/mejo.de\/wp-content\/uploads\/2025\/04\/mejo-stellenanzeige-lkw-karriere-768x432.webp 768w, https:\/\/mejo.de\/wp-content\/uploads\/2025\/04\/mejo-stellenanzeige-lkw-karriere-18x10.webp 18w, https:\/\/mejo.de\/wp-content\/uploads\/2025\/04\/mejo-stellenanzeige-lkw-karriere.webp 1200w\" sizes=\"(max-width: 640px) 100vw, 640px\" \/>\t\t\t\t\t\t\t\t\t\t\t\t\t\t\t<\/div>\n\t\t\t\t<\/div>\n\t\t\t\t\t<\/div>\n\t\t<\/div>\n\t\t\t\t<div class=\"elementor-column elementor-col-50 elementor-top-column elementor-element elementor-element-711fb4de\" data-id=\"711fb4de\" data-element_type=\"column\" data-e-type=\"column\">\n\t\t\t<div class=\"elementor-widget-wrap elementor-element-populated\">\n\t\t\t\t\t\t<div class=\"elementor-element elementor-element-329652da elementor-widget elementor-widget-text-editor\" data-id=\"329652da\" data-element_type=\"widget\" data-e-type=\"widget\" data-widget_type=\"text-editor.default\">\n\t\t\t\t<div class=\"elementor-widget-container\">\n\t\t\t\t\t\t\t\t\t<p>Wir suchen f\u00fcr unseren Fuhrpark am Standort in Viersen ab sofort zur Festanstellung im Nah-verkehr (40 Stunden\/Woche) einen<\/p>\t\t\t\t\t\t\t\t<\/div>\n\t\t\t\t<\/div>\n\t\t\t\t<div class=\"elementor-element elementor-element-17c492e5 elementor-widget elementor-widget-heading\" data-id=\"17c492e5\" data-element_type=\"widget\" data-e-type=\"widget\" data-widget_type=\"heading.default\">\n\t\t\t\t<div class=\"elementor-widget-container\">\n\t\t\t\t\t<h2 class=\"elementor-heading-title elementor-size-default\">Erfahrener Kraftfahrer (m\/w\/d)<\/h2>\t\t\t\t<\/div>\n\t\t\t\t<\/div>\n\t\t\t\t<div class=\"elementor-element elementor-element-aafa4d8 elementor-widget elementor-widget-text-editor\" data-id=\"aafa4d8\" data-element_type=\"widget\" data-e-type=\"widget\" data-widget_type=\"text-editor.default\">\n\t\t\t\t<div class=\"elementor-widget-container\">\n\t\t\t\t\t\t\t\t\t<p>zur Auslieferung unserer Metallhalbzeuge an unsere Kunden in der Region. Die Tour beginnt und endet in Viersen-Mackenstein. Es handelt sich um Tagestouren mit t\u00e4glicher Heimkehr. Vertretungsweise kann der Einsatz an unserem Standort in Viersen-Mackenstein stattfinden.<\/p>\t\t\t\t\t\t\t\t<\/div>\n\t\t\t\t<\/div>\n\t\t\t\t<div class=\"elementor-element elementor-element-cbad79b elementor-widget elementor-widget-text-editor\" data-id=\"cbad79b\" data-element_type=\"widget\" data-e-type=\"widget\" data-widget_type=\"text-editor.default\">\n\t\t\t\t<div class=\"elementor-widget-container\">\n\t\t\t\t\t\t\t\t\t<p>Vollzeit<\/p>\t\t\t\t\t\t\t\t<\/div>\n\t\t\t\t<\/div>\n\t\t\t\t<div class=\"elementor-element elementor-element-5d3218af elementor-widget elementor-widget-text-editor\" data-id=\"5d3218af\" data-element_type=\"widget\" data-e-type=\"widget\" data-widget_type=\"text-editor.default\">\n\t\t\t\t<div class=\"elementor-widget-container\">\n\t\t\t\t\t\t\t\t\t<p><strong>D\u00fcsseldorf<\/strong><br \/>Die mejo Metall Josten Aluminium GmbH &amp; Co. KG ist seit 1932 unabh\u00e4ngiger Hersteller von Aluminium Sonderprofilen und Zeichnungsprofilen.<\/p><p>Wir suchen ambitionierte Kolleg:innen, die uns auf unserem Expansionskurs begleiten wollen. Als Familienunternehmen ist es f\u00fcr uns selbstverst\u00e4ndlich, auch im Team eine famili\u00e4re und respektvolle Atmosph\u00e4re zu schaffen. Wir pflegen einen entspannten Umgang mit flachen Hierarchien und kurzen Kommunikationswegen. Bei uns ist kein:e Mitarbeiter:in nur eine Nummer.<\/p>\t\t\t\t\t\t\t\t<\/div>\n\t\t\t\t<\/div>\n\t\t\t\t<div class=\"elementor-element elementor-element-3b09f75 elementor-widget elementor-widget-button\" data-id=\"3b09f75\" data-element_type=\"widget\" data-e-type=\"widget\" data-widget_type=\"button.default\">\n\t\t\t\t<div class=\"elementor-widget-container\">\n\t\t\t\t\t\t\t\t\t<div class=\"elementor-button-wrapper\">\n\t\t\t\t\t<a class=\"elementor-button elementor-button-link elementor-size-sm\" href=\"#\">\n\t\t\t\t\t\t<span class=\"elementor-button-content-wrapper\">\n\t\t\t\t\t\t\t\t\t<span class=\"elementor-button-text\">Find out more<\/span>\n\t\t\t\t\t<\/span>\n\t\t\t\t\t<\/a>\n\t\t\t\t<\/div>\n\t\t\t\t\t\t\t\t<\/div>\n\t\t\t\t<\/div>\n\t\t\t\t\t<\/div>\n\t\t<\/div>\n\t\t\t\t\t<\/div>\n\t\t<\/section>\n\t\t\t\t<section class=\"elementor-section elementor-top-section elementor-element elementor-element-b159353 elementor-section-boxed elementor-section-height-default elementor-section-height-default\" data-id=\"b159353\" data-element_type=\"section\" data-e-type=\"section\">\n\t\t\t\t\t\t<div class=\"elementor-container elementor-column-gap-default\">\n\t\t\t\t\t<div class=\"elementor-column elementor-col-66 elementor-top-column elementor-element elementor-element-ec75d02\" data-id=\"ec75d02\" data-element_type=\"column\" data-e-type=\"column\">\n\t\t\t<div class=\"elementor-widget-wrap elementor-element-populated\">\n\t\t\t\t\t\t<div class=\"elementor-element elementor-element-e696f9f elementor-widget elementor-widget-heading\" data-id=\"e696f9f\" data-element_type=\"widget\" data-e-type=\"widget\" data-widget_type=\"heading.default\">\n\t\t\t\t<div class=\"elementor-widget-container\">\n\t\t\t\t\t<h3 class=\"elementor-heading-title elementor-size-default\">Was wir dir bieten:<\/h3>\t\t\t\t<\/div>\n\t\t\t\t<\/div>\n\t\t\t\t<section class=\"elementor-section elementor-inner-section elementor-element elementor-element-1499cf3 indent elementor-section-boxed elementor-section-height-default elementor-section-height-default\" data-id=\"1499cf3\" data-element_type=\"section\" data-e-type=\"section\">\n\t\t\t\t\t\t<div class=\"elementor-container elementor-column-gap-default\">\n\t\t\t\t\t<div class=\"elementor-column elementor-col-100 elementor-inner-column elementor-element elementor-element-368297b\" data-id=\"368297b\" data-element_type=\"column\" data-e-type=\"column\">\n\t\t\t<div class=\"elementor-widget-wrap elementor-element-populated\">\n\t\t\t\t\t\t<div class=\"elementor-element elementor-element-071cd06 elementor-widget elementor-widget-text-editor\" data-id=\"071cd06\" data-element_type=\"widget\" data-e-type=\"widget\" data-widget_type=\"text-editor.default\">\n\t\t\t\t<div class=\"elementor-widget-container\">\n\t\t\t\t\t\t\t\t\t<ul><li class=\"firstItem\"><p>Einen unbefristeten Anstellungsvertrag (40 Stunden\/Woche) in einem inhabergef\u00fchrten mittelst\u00e4ndischen Unternehmen<\/p><\/li><li class=\"firstItem\"><p>Arbeitszeiten Montag bis Freitag in Tagschicht<\/p><\/li><li class=\"firstItem\"><p>Einen festen Kundenstamm<\/p><\/li><li class=\"firstItem\"><p>Einen modernen und technisch einwandfreien Fuhrpark<\/p><\/li><li class=\"firstItem\"><p>Ein gutes Team und ein freundliches Arbeitsklima<\/p><\/li><\/ul>\t\t\t\t\t\t\t\t<\/div>\n\t\t\t\t<\/div>\n\t\t\t\t\t<\/div>\n\t\t<\/div>\n\t\t\t\t\t<\/div>\n\t\t<\/section>\n\t\t\t\t\t<\/div>\n\t\t<\/div>\n\t\t\t\t<div class=\"elementor-column elementor-col-33 elementor-top-column elementor-element elementor-element-f18a6ce\" data-id=\"f18a6ce\" data-element_type=\"column\" data-e-type=\"column\">\n\t\t\t<div class=\"elementor-widget-wrap\">\n\t\t\t\t\t\t\t<\/div>\n\t\t<\/div>\n\t\t\t\t\t<\/div>\n\t\t<\/section>\n\t\t\t\t<section class=\"elementor-section elementor-top-section elementor-element elementor-element-a661012 elementor-section-boxed elementor-section-height-default elementor-section-height-default\" data-id=\"a661012\" data-element_type=\"section\" data-e-type=\"section\">\n\t\t\t\t\t\t<div class=\"elementor-container elementor-column-gap-default\">\n\t\t\t\t\t<div class=\"elementor-column elementor-col-66 elementor-top-column elementor-element elementor-element-d6bebb5\" data-id=\"d6bebb5\" data-element_type=\"column\" data-e-type=\"column\">\n\t\t\t<div class=\"elementor-widget-wrap elementor-element-populated\">\n\t\t\t\t\t\t<div class=\"elementor-element elementor-element-0bdac0f elementor-widget elementor-widget-heading\" data-id=\"0bdac0f\" data-element_type=\"widget\" data-e-type=\"widget\" data-widget_type=\"heading.default\">\n\t\t\t\t<div class=\"elementor-widget-container\">\n\t\t\t\t\t<h3 class=\"elementor-heading-title elementor-size-default\">Was du mitbringst:<\/h3>\t\t\t\t<\/div>\n\t\t\t\t<\/div>\n\t\t\t\t<section class=\"elementor-section elementor-inner-section elementor-element elementor-element-6db12d6 indent elementor-section-boxed elementor-section-height-default elementor-section-height-default\" data-id=\"6db12d6\" data-element_type=\"section\" data-e-type=\"section\">\n\t\t\t\t\t\t<div class=\"elementor-container elementor-column-gap-default\">\n\t\t\t\t\t<div class=\"elementor-column elementor-col-100 elementor-inner-column elementor-element elementor-element-9b1caff\" data-id=\"9b1caff\" data-element_type=\"column\" data-e-type=\"column\">\n\t\t\t<div class=\"elementor-widget-wrap elementor-element-populated\">\n\t\t\t\t\t\t<div class=\"elementor-element elementor-element-0f549ff elementor-widget elementor-widget-text-editor\" data-id=\"0f549ff\" data-element_type=\"widget\" data-e-type=\"widget\" data-widget_type=\"text-editor.default\">\n\t\t\t\t<div class=\"elementor-widget-container\">\n\t\t\t\t\t\t\t\t\t<ul>\n<li>\n<p>F\u00fchrerschein Klasse CE mit entsprechender Fahrpraxis (18t +)<\/p>\n<\/li>\n<li>\n<p>Fahrerkarte, Fahrerqualifizierungsnachweis<\/p>\n<\/li>\n<li>\n<p>Gabelstaplerschein<\/p>\n<\/li>\n<li>\n<p>Einsatzbereitschaft und Flexibilit\u00e4t<\/p>\n<\/li>\n<li>\n<p>Erfahrung mit dem Be- und Entladen von Lang- und St\u00fcckgut sowie Kenntnisse in der Ladungssicherung<\/p>\n<\/li>\n<li>\n<p>K\u00f6rperliche Belastbarkeit<\/p>\n<\/li>\n<li>\n<p>Teamf\u00e4higkeit<\/p>\n<\/li>\n<li>\n<p>Zuverl\u00e4ssigkeit und Sorgfalt mit unseren Waren und Fuhrpark sollte f\u00fcr Sie selbstverst\u00e4ndlich sein<\/p>\n<\/li>\n<li>\n<p>Aufgrund des Kundenkontaktes sind gute Deutschkenntnisse in Wort und Schrift sowie ein gepflegtes \u00c4u\u00dferes und gute Umgangsformen erforderlich<\/p>\n<\/li>\n<\/ul>\t\t\t\t\t\t\t\t<\/div>\n\t\t\t\t<\/div>\n\t\t\t\t\t<\/div>\n\t\t<\/div>\n\t\t\t\t\t<\/div>\n\t\t<\/section>\n\t\t\t\t\t<\/div>\n\t\t<\/div>\n\t\t\t\t<div class=\"elementor-column elementor-col-33 elementor-top-column elementor-element elementor-element-0f2ef53\" data-id=\"0f2ef53\" data-element_type=\"column\" data-e-type=\"column\">\n\t\t\t<div class=\"elementor-widget-wrap\">\n\t\t\t\t\t\t\t<\/div>\n\t\t<\/div>\n\t\t\t\t\t<\/div>\n\t\t<\/section>\n\t\t\t\t<section class=\"elementor-section elementor-top-section elementor-element elementor-element-17f694d0 elementor-section-boxed elementor-section-height-default elementor-section-height-default\" data-id=\"17f694d0\" data-element_type=\"section\" data-e-type=\"section\">\n\t\t\t\t\t\t<div class=\"elementor-container elementor-column-gap-default\">\n\t\t\t\t\t<div class=\"elementor-column elementor-col-66 elementor-top-column elementor-element elementor-element-11cf5e5\" data-id=\"11cf5e5\" data-element_type=\"column\" data-e-type=\"column\">\n\t\t\t<div class=\"elementor-widget-wrap elementor-element-populated\">\n\t\t\t\t\t\t<div class=\"elementor-element elementor-element-2194f880 elementor-widget elementor-widget-heading\" data-id=\"2194f880\" data-element_type=\"widget\" data-e-type=\"widget\" data-widget_type=\"heading.default\">\n\t\t\t\t<div class=\"elementor-widget-container\">\n\t\t\t\t\t<h3 class=\"elementor-heading-title elementor-size-default\">Passt perfekt? Lust uns kennenzulernen?<\/h3>\t\t\t\t<\/div>\n\t\t\t\t<\/div>\n\t\t\t\t<div class=\"elementor-element elementor-element-4c5f7fc7 bewerben elementor-widget elementor-widget-button\" data-id=\"4c5f7fc7\" data-element_type=\"widget\" data-e-type=\"widget\" stelle=\"Erfahrener Kraftfahrer (m\/w\/d)\" data-widget_type=\"button.default\">\n\t\t\t\t<div class=\"elementor-widget-container\">\n\t\t\t\t\t\t\t\t\t<div class=\"elementor-button-wrapper\">\n\t\t\t\t\t<a class=\"elementor-button elementor-button-link elementor-size-sm\" href=\"#elementor-action%3Aaction%3Dpopup%3Aopen%26settings%3DeyJpZCI6IjI3OTMiLCJ0b2dnbGUiOmZhbHNlfQ%3D%3D\">\n\t\t\t\t\t\t<span class=\"elementor-button-content-wrapper\">\n\t\t\t\t\t\t\t\t\t<span class=\"elementor-button-text\">Jetzt online bewerben<\/span>\n\t\t\t\t\t<\/span>\n\t\t\t\t\t<\/a>\n\t\t\t\t<\/div>\n\t\t\t\t\t\t\t\t<\/div>\n\t\t\t\t<\/div>\n\t\t\t\t\t<\/div>\n\t\t<\/div>\n\t\t\t\t<div class=\"elementor-column elementor-col-33 elementor-top-column elementor-element elementor-element-195eb6c7\" data-id=\"195eb6c7\" data-element_type=\"column\" data-e-type=\"column\">\n\t\t\t<div class=\"elementor-widget-wrap\">\n\t\t\t\t\t\t\t<\/div>\n\t\t<\/div>\n\t\t\t\t\t<\/div>\n\t\t<\/section>\n\t\t\t\t<\/div>","protected":false},"excerpt":{"rendered":"<p>Wir suchen f\u00fcr unseren Fuhrpark am Standort in Viersen-Mackenstein ab sofort zur Festanstellung im Nahverkehr (40 Stunden\/Woche) einen erfahrenen Kraftfahrer (m\/w\/d) mit F\u00fchrerschein-Klasse CE.<\/p>","protected":false},"featured_media":14004,"template":"","standort":[32],"class_list":["post-19053","karriere","type-karriere","status-publish","has-post-thumbnail","hentry","standort-viersen"],"_links":{"self":[{"href":"https:\/\/mejo.de\/en\/wp-json\/wp\/v2\/karriere\/19053","targetHints":{"allow":["GET"]}}],"collection":[{"href":"https:\/\/mejo.de\/en\/wp-json\/wp\/v2\/karriere"}],"about":[{"href":"https:\/\/mejo.de\/en\/wp-json\/wp\/v2\/types\/karriere"}],"version-history":[{"count":3,"href":"https:\/\/mejo.de\/en\/wp-json\/wp\/v2\/karriere\/19053\/revisions"}],"predecessor-version":[{"id":19061,"href":"https:\/\/mejo.de\/en\/wp-json\/wp\/v2\/karriere\/19053\/revisions\/19061"}],"wp:featuredmedia":[{"embeddable":true,"href":"https:\/\/mejo.de\/en\/wp-json\/wp\/v2\/media\/14004"}],"wp:attachment":[{"href":"https:\/\/mejo.de\/en\/wp-json\/wp\/v2\/media?parent=19053"}],"wp:term":[{"taxonomy":"standort","embeddable":true,"href":"https:\/\/mejo.de\/en\/wp-json\/wp\/v2\/standort?post=19053"}],"curies":[{"name":"wp","href":"https:\/\/api.w.org\/{rel}","templated":true}]}}